{"version":"1.0","provider_name":"","provider_url":"https:\/\/luchonoticias.com\/editor","author_name":"Editor General","author_url":"https:\/\/luchonoticias.com\/editor\/author\/editor-general\/","title":"Inauguraci\u00f3n Centro de Industrializaci\u00f3n del Caf\u00e9 -","type":"rich","width":600,"height":338,"html":"<blockquote class=\"wp-embedded-content\" data-secret=\"hSIcdsTsx5\"><a href=\"https:\/\/luchonoticias.com\/editor\/inauguracion-centro-de-industrializacion-del-cafe\/\">Inauguraci\u00f3n Centro de Industrializaci\u00f3n del Caf\u00e9<\/a><\/blockquote><iframe sandbox=\"allow-scripts\" security=\"restricted\" src=\"https:\/\/luchonoticias.com\/editor\/inauguracion-centro-de-industrializacion-del-cafe\/embed\/#?secret=hSIcdsTsx5\" width=\"600\" height=\"338\" title=\"\u00abInauguraci\u00f3n Centro de Industrializaci\u00f3n del Caf\u00e9\u00bb \u2014 \" data-secret=\"hSIcdsTsx5\" frameborder=\"0\" marginwidth=\"0\" marginheight=\"0\" scrolling=\"no\" class=\"wp-embedded-content\"><\/iframe><script>\n\/*! This file is auto-generated *\/\n!function(d,l){\"use strict\";l.querySelector&&d.addEventListener&&\"undefined\"!=typeof URL&&(d.wp=d.wp||{},d.wp.receiveEmbedMessage||(d.wp.receiveEmbedMessage=function(e){var t=e.data;if((t||t.secret||t.message||t.value)&&!\/[^a-zA-Z0-9]\/.test(t.secret)){for(var s,r,n,a=l.querySelectorAll('iframe[data-secret=\"'+t.secret+'\"]'),o=l.querySelectorAll('blockquote[data-secret=\"'+t.secret+'\"]'),c=new RegExp(\"^https?:$\",\"i\"),i=0;i<o.length;i++)o[i].style.display=\"none\";for(i=0;i<a.length;i++)s=a[i],e.source===s.contentWindow&&(s.removeAttribute(\"style\"),\"height\"===t.message?(1e3<(r=parseInt(t.value,10))?r=1e3:~~r<200&&(r=200),s.height=r):\"link\"===t.message&&(r=new URL(s.getAttribute(\"src\")),n=new URL(t.value),c.test(n.protocol))&&n.host===r.host&&l.activeElement===s&&(d.top.location.href=t.value))}},d.addEventListener(\"message\",d.wp.receiveEmbedMessage,!1),l.addEventListener(\"DOMContentLoaded\",function(){for(var e,t,s=l.querySelectorAll(\"iframe.wp-embedded-content\"),r=0;r<s.length;r++)(t=(e=s[r]).getAttribute(\"data-secret\"))||(t=Math.random().toString(36).substring(2,12),e.src+=\"#?secret=\"+t,e.setAttribute(\"data-secret\",t)),e.contentWindow.postMessage({message:\"ready\",secret:t},\"*\")},!1)))}(window,document);\n\/\/# sourceURL=https:\/\/luchonoticias.com\/editor\/wp-includes\/js\/wp-embed.min.js\n<\/script>\n","thumbnail_url":"https:\/\/luchonoticias.com\/editor\/wp-content\/uploads\/2024\/07\/cafe.jpg","thumbnail_width":700,"thumbnail_height":400,"description":"El mandatario regional, quien particip\u00f3 en Neiva de la inauguraci\u00f3n del primer Centro Regional de Industrializaci\u00f3n de Caf\u00e9 del pa\u00eds, destac\u00f3 las millonarias inversiones adelantadas por la Gobernaci\u00f3n del Huila para mejorar la infraestructura para el secado y transformaci\u00f3n del caf\u00e9, as\u00ed como la construcci\u00f3n de plantas de fertilizantes, con lo que se le apunta a mejorar la productividad y agregar valor al producto mediante la industrializaci\u00f3n."}